{"id":920,"date":"2013-03-09T10:14:44","date_gmt":"2013-03-09T09:14:44","guid":{"rendered":"http:\/\/kszgk.com\/iccfcongress2013\/?page_id=920"},"modified":"2013-07-17T08:17:23","modified_gmt":"2013-07-17T06:17:23","slug":"patronage","status":"publish","type":"page","link":"http:\/\/kszgk.com\/iccfcongress2013\/patronage\/","title":{"rendered":"Patronage"},"content":{"rendered":"<h2>Honorary Patronage<\/h2>\n<table border=\"0\">\n<tbody>\n<tr>\n<td><a href=\"http:\/\/kszgk.com\/iccfcongress2013\/wp-content\/uploads\/2013\/03\/WOJ-MALOPOL-REGION-LOGO-POZIOM-cmyk.png\"><img decoding=\"async\" class=\"aligncenter  wp-image-922\" alt=\"Lesser Poland Voivodeship\" src=\"http:\/\/kszgk.com\/iccfcongress2013\/wp-content\/uploads\/2013\/03\/WOJ-MALOPOL-REGION-LOGO-POZIOM-cmyk-300x66.png\" width=\"210\" height=\"46\" srcset=\"http:\/\/kszgk.com\/iccfcongress2013\/wp-content\/uploads\/2013\/03\/WOJ-MALOPOL-REGION-LOGO-POZIOM-cmyk-300x66.png 300w, http:\/\/kszgk.com\/iccfcongress2013\/wp-content\/uploads\/2013\/03\/WOJ-MALOPOL-REGION-LOGO-POZIOM-cmyk-1024x227.png 1024w, http:\/\/kszgk.com\/iccfcongress2013\/wp-content\/uploads\/2013\/03\/WOJ-MALOPOL-REGION-LOGO-POZIOM-cmyk-150x33.png 150w, http:\/\/kszgk.com\/iccfcongress2013\/wp-content\/uploads\/2013\/03\/WOJ-MALOPOL-REGION-LOGO-POZIOM-cmyk-400x88.png 400w\" sizes=\"(max-width: 210px) 100vw, 210px\" \/><\/a><\/td>\n<td>\n<p><div id=\"attachment_923\" style=\"width: 118px\" class=\"wp-caption aligncenter\"><a href=\"http:\/\/kszgk.com\/iccfcongress2013\/wp-content\/uploads\/2013\/03\/Sowa-Marek.jpg\"><img aria-describedby=\"caption-attachment-923\" decoding=\"async\" class=\"size-full wp-image-923\" alt=\"Sowa, Marek\" src=\"http:\/\/kszgk.com\/iccfcongress2013\/wp-content\/uploads\/2013\/03\/Sowa-Marek.jpg\" width=\"108\" height=\"144\" \/><\/a><p id=\"caption-attachment-923\" class=\"wp-caption-text\">Marek Sowa<\/p><\/div><\/td>\n<td>Marsza\u0142ek Wojew\u00f3dztwa Ma\u0142opolskiego (The Marshal of the Ma\u0142opolska Region)<\/td>\n<\/tr>\n<tr>\n<td>\n<p style=\"text-align: center;\"><a href=\"http:\/\/kszgk.com\/iccfcongress2013\/wp-content\/uploads\/2013\/03\/krakow_logotyp.jpg\"><img decoding=\"async\" class=\"aligncenter  wp-image-1041\" alt=\"krakow_logotyp\" src=\"http:\/\/kszgk.com\/iccfcongress2013\/wp-content\/uploads\/2013\/03\/krakow_logotyp-273x300.jpg\" width=\"92\" height=\"101\" srcset=\"http:\/\/kszgk.com\/iccfcongress2013\/wp-content\/uploads\/2013\/03\/krakow_logotyp-273x300.jpg 273w, http:\/\/kszgk.com\/iccfcongress2013\/wp-content\/uploads\/2013\/03\/krakow_logotyp-932x1024.jpg 932w, http:\/\/kszgk.com\/iccfcongress2013\/wp-content\/uploads\/2013\/03\/krakow_logotyp-136x150.jpg 136w, http:\/\/kszgk.com\/iccfcongress2013\/wp-content\/uploads\/2013\/03\/krakow_logotyp-400x439.jpg 400w, http:\/\/kszgk.com\/iccfcongress2013\/wp-content\/uploads\/2013\/03\/krakow_logotyp.jpg 1659w\" sizes=\"(max-width: 92px) 100vw, 92px\" \/><\/a><\/p>\n<\/td>\n<td>\n<p><div id=\"attachment_930\" style=\"width: 126px\" class=\"wp-caption aligncenter\"><a href=\"http:\/\/kszgk.com\/iccfcongress2013\/wp-content\/uploads\/2013\/03\/Majchrowski-Jacek.jpg\"><img aria-describedby=\"caption-attachment-930\" decoding=\"async\" class=\" wp-image-930   \" alt=\"Jacek Majchrowski\" src=\"http:\/\/kszgk.com\/iccfcongress2013\/wp-content\/uploads\/2013\/03\/Majchrowski-Jacek.jpg\" width=\"116\" height=\"154\" srcset=\"http:\/\/kszgk.com\/iccfcongress2013\/wp-content\/uploads\/2013\/03\/Majchrowski-Jacek.jpg 219w, http:\/\/kszgk.com\/iccfcongress2013\/wp-content\/uploads\/2013\/03\/Majchrowski-Jacek-112x150.jpg 112w\" sizes=\"(max-width: 116px) 100vw, 116px\" \/><\/a><p id=\"caption-attachment-930\" class=\"wp-caption-text\">Jacek Majchrowski<\/p><\/div><\/td>\n<td>Prezydent Krakowa (Mayor of the City of Krakow)<\/td>\n<\/tr>\n<\/tbody>\n<\/table>\n<\/p>","protected":false},"excerpt":{"rendered":"<p>Honorary Patronage <\/p>\n<p><p id=\"caption-attachment-923\" class=\"wp-caption-text\">Marek Sowa<\/p>\n<p> Marsza\u0142ek Wojew\u00f3dztwa Ma\u0142opolskiego (The Marshal of the Ma\u0142opolska Region) <\/p>\n<p style=\"text-align: center;\">\n<p><p id=\"caption-attachment-930\" class=\"wp-caption-text\">Jacek Majchrowski<\/p>\n<p> Prezydent Krakowa (Mayor of the City of Krakow) [&#8230;]<\/p>\n","protected":false},"author":1,"featured_media":0,"parent":0,"menu_order":0,"comment_status":"closed","ping_status":"open","template":"","meta":[],"_links":{"self":[{"href":"http:\/\/kszgk.com\/iccfcongress2013\/wp-json\/wp\/v2\/pages\/920"}],"collection":[{"href":"http:\/\/kszgk.com\/iccfcongress2013\/wp-json\/wp\/v2\/pages"}],"about":[{"href":"http:\/\/kszgk.com\/iccfcongress2013\/wp-json\/wp\/v2\/types\/page"}],"author":[{"embeddable":true,"href":"http:\/\/kszgk.com\/iccfcongress2013\/wp-json\/wp\/v2\/users\/1"}],"replies":[{"embeddable":true,"href":"http:\/\/kszgk.com\/iccfcongress2013\/wp-json\/wp\/v2\/comments?post=920"}],"version-history":[{"count":18,"href":"http:\/\/kszgk.com\/iccfcongress2013\/wp-json\/wp\/v2\/pages\/920\/revisions"}],"predecessor-version":[{"id":921,"href":"http:\/\/kszgk.com\/iccfcongress2013\/wp-json\/wp\/v2\/pages\/920\/revisions\/921"}],"wp:attachment":[{"href":"http:\/\/kszgk.com\/iccfcongress2013\/wp-json\/wp\/v2\/media?parent=920"}],"curies":[{"name":"wp","href":"https:\/\/api.w.org\/{rel}","templated":true}]}}